{"id":200,"date":"2013-10-02T21:37:38","date_gmt":"2013-10-02T20:37:38","guid":{"rendered":"http:\/\/caritas.diecezja.wloclawek.pl\/?page_id=200"},"modified":"2022-03-03T09:25:29","modified_gmt":"2022-03-03T08:25:29","slug":"parafialne-zespoly-caritas","status":"publish","type":"page","link":"http:\/\/caritas.diecezja.wloclawek.pl\/?page_id=200","title":{"rendered":"Parafialne Zespo\u0142y Caritas"},"content":{"rendered":"<p><strong><span style=\"color: #339966;\">Czym jest Parafialny Zesp\u00f3\u0142 Caritas?<\/span><\/strong><\/p>\n<p><strong>Parafialny Zesp\u00f3\u0142 Caritas\u00a0<\/strong>(PZC) to grupa os\u00f3b, kt\u00f3re pod przewodnictwem Ksi\u0119dza Proboszcza prowadzi w spos\u00f3b planowy i systematyczny dzie\u0142a mi\u0142osierdzia w parafii. Nale\u017c\u0105 do niej cz\u0142onkowie czynni i wspieraj\u0105ce, a z niekt\u00f3rych diecezji r\u00f3wnie\u017c sympatycy. Cz\u0142onkowie zespo\u0142u swoj\u0105 rol\u0119 pe\u0142ni\u0105 nieodp\u0142atnie, z pobudek chrze\u015bcija\u0144skiej mi\u0142o\u015bci do bli\u017aniego. Obszarem dzia\u0142ania PZC jest teren parafii, przy kt\u00f3rej zosta\u0142 powo\u0142any.\u00a0\u00a0\u00a0\u00a0\u00a0\u00a0\u00a0\u00a0\u00a0\u00a0\u00a0\u00a0\u00a0\u00a0\u00a0\u00a0\u00a0\u00a0\u00a0\u00a0 \u00a0 \u00a0 \u00a0 \u00a0 \u00a0 \u00a0 \u00a0 \u00a0 \u00a0 \u00a0 \u00a0 \u00a0 \u00a0\u00a0\u00a0\u00a0\u00a0\u00a0\u00a0\u00a0\u00a0\u00a0\u00a0\u00a0\u00a0\u00a0\u00a0\u00a0\u00a0\u00a0\u00a0\u00a0\u00a0\u00a0\u00a0\u00a0\u00a0\u00a0\u00a0\u00a0\u00a0\u00a0\u00a0\u00a0\u00a0\u00a0\u00a0\u00a0\u00a0\u00a0\u00a0\u00a0\u00a0\u00a0\u00a0\u00a0\u00a0 Podstaw\u0105 prawn\u0105 dzia\u0142alno\u015bci PZC s\u0105 dokumenty ko\u015bcio\u0142a (m. in. Kodeks Prawa Kanonicznego, Instrukcja Konferencji Episkopatu Polski o pracy charytatywnej w parafiach, Katechizm Ko\u015bcio\u0142a Katolickiego) oraz dokumenty w\u0142adzy \u015bwieckiej (Ustawa o stosunku Pa\u0144stwa do Ko\u015bcio\u0142a Katolickiego w Polskiej Rzeczypospolitej oraz Konkordat art. 21 i art. 22).<\/p>\n<p><strong><span style=\"color: #339966;\">Zarz\u0105d Zespo\u0142u stanowi\u0105:<\/span><\/strong><\/p>\n<ul>\n<li>Przewodnicz\u0105cy, kt\u00f3rym jest proboszcz lub wskazany przez niego kap\u0142an,<\/li>\n<li>Zast\u0119pca, kt\u00f3rym z regu\u0142y powinna by\u0107 osoba zakonna lub \u015bwiecka,<\/li>\n<li>Sekretarz, prowadz\u0105cy dokumentacj\u0119 organizacyjn\u0105 i korespondencj\u0119, skarbnik, zajmuj\u0105cy si\u0119 finansami oraz ich dokumentacj\u0105.<\/li>\n<\/ul>\n<p><strong><span style=\"color: #339966;\">Cz\u0142onkowie Ko\u0142a:<\/span><\/strong><\/p>\n<p>Cz\u0142onkami Zespo\u0142u s\u0105 parafianie, kt\u00f3rzy zostali przyj\u0119ci do niego przez proboszcza.<br \/>\nIstniej\u0105 dwa rodzaje cz\u0142onkostwa: cz\u0142onek czynny, cz\u0142onek wspieraj\u0105cy.<br \/>\nCz\u0142onkowie czynni realizuj\u0105 dzia\u0142alno\u015b\u0107 charytatywn\u0105 spo\u0142ecznie poprzez bezpo\u015brednie kontakty z osobami potrzebuj\u0105cymi pomocy. W swej dzia\u0142alno\u015bci zobowi\u0105zani s\u0105 do dyskrecji.<br \/>\nCz\u0142onkowie wspieraj\u0105cy \u015bwiadcz\u0105 pomoc finansow\u0105 w formie zadeklarowanych przez siebie sk\u0142adek (miesi\u0119cznych lub kwartalnych).<\/p>\n<p><strong><span style=\"color: #339966;\">Zesp\u00f3\u0142 obejmuje swoim dzia\u0142aniem:<\/span><\/strong><\/p>\n<ul>\n<li>osoby starsze, chore, niepe\u0142nosprawne,<\/li>\n<li>rodziny wielodzietne \u017cyj\u0105ce w ub\u00f3stwie,<\/li>\n<li>osoby ubogie,<\/li>\n<li>matki samotnie wychowuj\u0105ce dzieci,<\/li>\n<li>ludzi uzale\u017cnionych (alkoholik\u00f3w, narkoman\u00f3w),<\/li>\n<li>osoby samotne potrzebuj\u0105ce opieki.<\/li>\n<\/ul>\n<p><strong><span style=\"color: #339966;\">Zesp\u00f3\u0142 ewidencjonuje osoby potrzebuj\u0105ce pomocy na podstawie:<\/span><\/strong><\/p>\n<ul>\n<li>rozeznania prowadzonego przez cz\u0142onk\u00f3w Zespo\u0142u, tak\u017ce we wsp\u00f3\u0142pracy z organizacjami opieki spo\u0142ecznej,<\/li>\n<li>zg\u0142osze\u0144 dokonanych przez inne osoby (krewnych, s\u0105siad\u00f3w, przypadkowych obserwator\u00f3w),<\/li>\n<li>informacji przekazywanych przez kap\u0142an\u00f3w z wizyt duszpasterskich (kol\u0119da, odwiedziny chorych),<\/li>\n<li>osobistych zg\u0142osze\u0144 tych os\u00f3b.<\/li>\n<\/ul>\n<p><strong><span style=\"color: #339966;\">Cele Parafialnych Zespo\u0142\u00f3w Caritas:<\/span><\/strong><\/p>\n<ul>\n<li>mobilizacja charytatywna wsp\u00f3lnoty Ludu Bo\u017cego parafii do praktykowania mi\u0142osierdzia poprzez modlitw\u0119, s\u0142owo oraz czyn,<\/li>\n<li>rozpoznawanie potrzeb i mo\u017cliwo\u015bci pomocy charytatywnej na terenie parafii,<\/li>\n<li>organizowanie i \u015bwiadczenie konkretnej pomocy potrzebuj\u0105cym (chorym, niepe\u0142nosprawnym, osobom w podesz\u0142ym wieku, rodzinom, dzieciom i m\u0142odzie\u017cy, osobom ubogim i tym, kt\u00f3re maj\u0105 trudno\u015bci),<\/li>\n<li>sprawowanie opieki nad charytatywnymi plac\u00f3wkami ko\u015bcielnymi dzia\u0142aj\u0105cymi na terenie parafii, b\u0105d\u017a te\u017c tworzenie takich plac\u00f3wek,<\/li>\n<li>mo\u017cliwo\u015b\u0107 podj\u0119cia wsp\u00f3\u0142pracy z osobami dzia\u0142aj\u0105cymi w ramach pa\u0144stwowej opieki spo\u0142ecznej lub z organizacjami spo\u0142ecznymi o charakterze charytatywno-opieku\u0144czym.<\/li>\n<\/ul>\n<p><strong><span style=\"color: #339966;\">Dzia\u0142alno\u015b\u0107 charytatywn\u0105 PZC organizuje\u00a0 przez<\/span><\/strong><strong><span style=\"color: #339966;\">:<\/span><\/strong><\/p>\n<p><u>Wsparcie duchowe<\/u><\/p>\n<ol>\n<li>odwiedziny<\/li>\n<li>nawi\u0105zanie rozmowy<\/li>\n<li>wsp\u00f3ln\u0105 modlitw\u0119<\/li>\n<li>ewangelizacj\u0119<\/li>\n<li>pomoc w dotarciu do ko\u015bcio\u0142a itp.<\/li>\n<\/ol>\n<p><u>Pomoc materialn\u0105<\/u><\/p>\n<ol>\n<li>wsparcia finansowego, przyznawanego w got\u00f3wce<\/li>\n<li>przekazywanie dar\u00f3w rzeczowych<\/li>\n<\/ol>\n<p><u>Pomoc opieku\u0144czo-us\u0142ugow\u0105<\/u><\/p>\n<ol>\n<li>odwiedzanie os\u00f3b b\u0119d\u0105cych w potrzebie<\/li>\n<li>wykonywaniu r\u00f3\u017cnych czynno\u015bci domowych<\/li>\n<\/ol>\n<p><u>Akcje charytatywne<\/u><\/p>\n<ol>\n<li>umo\u017cliwienie dzieciom z ubogich rodzin udzia\u0142u w wypoczynku letnim (np. koloniach)<\/li>\n<li>umo\u017cliwienie starszym, chorym i niepe\u0142nosprawnym udzia\u0142u w rekolekcjach<\/li>\n<li>przekazanie paczek \u015bwi\u0105tecznych<\/li>\n<li>organizowaniem \u201eWigilii dla samotnych\u201d<\/li>\n<li>spotka\u0144 w \u201eTygodniu Mi\u0142osierdzia\u201d i \u201eDniu Chorych\u201d itp.<\/li>\n<\/ol>\n<p><strong><span style=\"color: #339966;\">Jak za\u0142o\u017cy\u0107 Parafialny Zesp\u00f3\u0142 Caritas:<\/span><\/strong><\/p>\n<p>Zesp\u00f3\u0142 jest powo\u0142ywany przez proboszcza parafii, kt\u00f3ry zg\u0142asza jego istnienie w Caritas Diecezji W\u0142oc\u0142awskiej. Zesp\u00f3\u0142 korzysta z osobowo\u015bci prawnej parafii. Proboszcz ponosi odpowiedzialno\u015b\u0107 merytoryczn\u0105 i finansow\u0105 za dzia\u0142alno\u015b\u0107 Zespo\u0142u. Nowy Zesp\u00f3\u0142 swoj\u0105 dzia\u0142alno\u015b\u0107 rozpoczyna po zg\u0142oszeniu przez proboszcza parafii i zarejestrowaniu go w Caritas Diecezji W\u0142oc\u0142awskiej.<\/p>\n<p>&nbsp;<\/p>\n<p>Wniosek o utworzenie Parafialnego Zespo\u0142u Caritas oraz statut Parafialnych Zespo\u0142\u00f3w Caritas w diecezji w\u0142oc\u0142awskiej znajduj\u0105 si\u0119 poni\u017cej do pobrania:<\/p>\n<p><a href=\"http:\/\/caritas.diecezja.wloclawek.pl\/wp-content\/uploads\/2021\/10\/Wniosek-o-powolanie-PZC.doc\" target=\"_blank\" rel=\"noopener\">Wniosek o powo\u0142anie PZC<\/a><\/p>\n<p><a href=\"http:\/\/caritas.diecezja.wloclawek.pl\/wp-content\/uploads\/2022\/03\/Statut-Parafialnego-Zespolu-Caritas-Diecezji-Wloclawskiej.doc\" target=\"_blank\" rel=\"noopener\">Statut Parafialnego Zespo\u0142u Caritas Diecezji W\u0142oc\u0142awskiej<\/a><\/p>\n<p><strong>\u00a0<\/strong><\/p>\n<p>&nbsp;<\/p>\n<p>&nbsp;<\/p>\n<p>&nbsp;<\/p>\n<p>&nbsp;<\/p>\n<p>&nbsp;<\/p>\n","protected":false},"excerpt":{"rendered":"<p>&#46;&#46;&#46;<\/p>\n","protected":false},"author":1,"featured_media":0,"parent":0,"menu_order":0,"comment_status":"closed","ping_status":"closed","template":"","meta":[],"_links":{"self":[{"href":"http:\/\/caritas.diecezja.wloclawek.pl\/index.php?rest_route=\/wp\/v2\/pages\/200"}],"collection":[{"href":"http:\/\/caritas.diecezja.wloclawek.pl\/index.php?rest_route=\/wp\/v2\/pages"}],"about":[{"href":"http:\/\/caritas.diecezja.wloclawek.pl\/index.php?rest_route=\/wp\/v2\/types\/page"}],"author":[{"embeddable":true,"href":"http:\/\/caritas.diecezja.wloclawek.pl\/index.php?rest_route=\/wp\/v2\/users\/1"}],"replies":[{"embeddable":true,"href":"http:\/\/caritas.diecezja.wloclawek.pl\/index.php?rest_route=%2Fwp%2Fv2%2Fcomments&post=200"}],"version-history":[{"count":5,"href":"http:\/\/caritas.diecezja.wloclawek.pl\/index.php?rest_route=\/wp\/v2\/pages\/200\/revisions"}],"predecessor-version":[{"id":4039,"href":"http:\/\/caritas.diecezja.wloclawek.pl\/index.php?rest_route=\/wp\/v2\/pages\/200\/revisions\/4039"}],"wp:attachment":[{"href":"http:\/\/caritas.diecezja.wloclawek.pl\/index.php?rest_route=%2Fwp%2Fv2%2Fmedia&parent=200"}],"curies":[{"name":"wp","href":"https:\/\/api.w.org\/{rel}","templated":true}]}}